{"id":23456,"date":"2019-08-24T19:39:31","date_gmt":"2019-08-24T19:39:31","guid":{"rendered":"https:\/\/dharmadatta.org\/facebuda\/?page_id=23456"},"modified":"2020-06-20T21:57:34","modified_gmt":"2020-06-20T21:57:34","slug":"archivos","status":"publish","type":"page","link":"https:\/\/dharmadatta.org\/facebuda\/archivos\/","title":{"rendered":"Archivo"},"content":{"rendered":"<div class=\"fusion-fullwidth fullwidth-box fusion-builder-row-1 nonhundred-percent-fullwidth non-hundred-percent-height-scrolling\"  style='background-color: rgba(255,255,255,0);background-position: center center;background-repeat: no-repeat;padding-top:0px;padding-right:0px;padding-bottom:0px;padding-left:0px;'><div class=\"fusion-builder-row fusion-row \"><div  class=\"fusion-layout-column fusion_builder_column fusion_builder_column_1_1 fusion-builder-column-0 fusion-one-full fusion-column-first fusion-column-last 1_1\"  style='margin-top:0px;margin-bottom:20px;'><div class=\"fusion-column-wrapper\" style=\"padding: 0px 0px 0px 0px;background-position:left top;background-repeat:no-repeat;-webkit-background-size:cover;-moz-background-size:cover;-o-background-size:cover;background-size:cover;\"   data-bg-url=\"\"><div class=\"fusion-blog-shortcode fusion-blog-shortcode-1 fusion-blog-archive fusion-blog-layout-grid-wrapper fusion-blog-pagination\"><style type=\"text\/css\">.fusion-blog-shortcode-1 .fusion-blog-layout-grid .fusion-post-grid{padding:20px;}.fusion-blog-shortcode-1 .fusion-posts-container{margin-left: -20px !important; margin-right:-20px !important;}<\/style><div class=\"fusion-posts-container fusion-posts-container-pagination fusion-blog-rollover fusion-blog-layout-grid fusion-blog-layout-grid-2 isotope\" data-pages=\"54\" data-grid-col-space=\"40\" style=\"margin: -20px -20px 0;min-height:500px;\"><article id=\"blog-1-post-25750\" class=\"fusion-post-grid post-25750 post type-post status-publish format-standard has-post-thumbnail hentry category-588 category-damcho category-erik-jampa category-facebuda tag-budismo tag-conciencia-ecologica tag-interconexion tag-naturaleza\">\n<div class=\"fusion-post-wrapper\" style=\"background-color:rgba(255,255,255,1);border:1px solid #eae9e9;border-bottom-width:3px;\">\n\n\t\t\t<div class=\"fusion-flexslider flexslider fusion-flexslider-loading fusion-post-slideshow\" style=\"border-color:#eae9e9;\">\n\t\t<ul class=\"slides\">\n\t\t\t\n\t\t\t\t\t\t\t\t\t\t\t\t\t\t<li>\n\n<div  class=\"fusion-image-wrapper\" aria-haspopup=\"true\">\n\t\n\t\n\t\t\n\t\t\t\t\t<img loading=\"lazy\" decoding=\"async\" width=\"1324\" height=\"741\" src=\"https:\/\/dharmadatta.org\/facebuda\/wp-content\/uploads\/2026\/04\/Captura-de-pantalla-2026-04-26-130103.png\" class=\"attachment-full size-full wp-post-image\" alt=\"\" srcset=\"https:\/\/dharmadatta.org\/facebuda\/wp-content\/uploads\/2026\/04\/Captura-de-pantalla-2026-04-26-130103-200x112.png 200w, https:\/\/dharmadatta.org\/facebuda\/wp-content\/uploads\/2026\/04\/Captura-de-pantalla-2026-04-26-130103-400x224.png 400w, https:\/\/dharmadatta.org\/facebuda\/wp-content\/uploads\/2026\/04\/Captura-de-pantalla-2026-04-26-130103-600x336.png 600w, https:\/\/dharmadatta.org\/facebuda\/wp-content\/uploads\/2026\/04\/Captura-de-pantalla-2026-04-26-130103-800x448.png 800w, https:\/\/dharmadatta.org\/facebuda\/wp-content\/uploads\/2026\/04\/Captura-de-pantalla-2026-04-26-130103-1200x672.png 1200w, https:\/\/dharmadatta.org\/facebuda\/wp-content\/uploads\/2026\/04\/Captura-de-pantalla-2026-04-26-130103.png 1324w\" sizes=\"auto, (min-width: 2200px) 100vw, (min-width: 1012px) 680px, (min-width: 920px) 1012px, \" \/>\n\t\n\n\t\t<div class=\"fusion-rollover\">\n\t<div class=\"fusion-rollover-content\">\n\n\t\t\t\t\t\t\t\t\t\t\t\t\t\t<a class=\"fusion-rollover-link\" href=\"https:\/\/dharmadatta.org\/facebuda\/reencantarnos-con-el-mundo-mas-que-humano-con-damcho-y-erik-jampa\/\">Reencantarnos con el mundo m\u00e1s que humano. Con Damcho y Erik Jampa<\/a>\n\t\t\t\n\t\t\t\t\t\t\t\t\t\t\t\t\t\t\n\t\t\t\t\t\t\t\t\n\t\t\t\t\t\t\t\t\t\t\t\t\t<div class=\"fusion-rollover-sep\"><\/div>\n\t\t\t\t\n\t\t\t\t\t\t\t\t\t\t\t\t\t\t\t\t\t\t<a class=\"fusion-rollover-gallery\" href=\"https:\/\/dharmadatta.org\/facebuda\/wp-content\/uploads\/2026\/04\/Captura-de-pantalla-2026-04-26-130103.png\" data-id=\"25750\" data-rel=\"iLightbox[gallery]\" data-title=\"Captura de pantalla 2026-04-26 130103\" data-caption=\"\">\n\t\t\t\t\t\tGaler\u00eda\t\t\t\t\t<\/a>\n\t\t\t\t\t\t\t\t\t\t\t\t\t\t\n\t\t\t\t\n\t\t\t\t\t\t\t\t\n\t\t\t\t\t\t\t\t\n\t\t\n\t\t\t\t<a class=\"fusion-link-wrapper\" href=\"https:\/\/dharmadatta.org\/facebuda\/reencantarnos-con-el-mundo-mas-que-humano-con-damcho-y-erik-jampa\/\" aria-label=\"Reencantarnos con el mundo m\u00e1s que humano. Con Damcho y Erik Jampa\"><\/a>\n\t<\/div>\n<\/div>\n\n\t\n<\/div>\n<\/li>\n\t\t\t\n\t\t\t\n\t\t\t\t\t\t\t\t\t\t\t\t\t\t\t\t\t\t\t\t\t\t\t\t\t\t\t\t\t\t\t\t\t\t\t\t\t\t\t\t\t\t\t\t\t\t\t\t\t\t\t\t\t\t\t\t\t\t\t\t\t\t\t\t\t\t\t\t<\/ul>\n\t<\/div>\n\t<div class=\"fusion-post-content-wrapper\" style=\"padding:30px 25px 20px 25px;\"><div class=\"fusion-post-content post-content\"><h2 class=\"blog-shortcode-post-title entry-title\"><a href=\"https:\/\/dharmadatta.org\/facebuda\/reencantarnos-con-el-mundo-mas-que-humano-con-damcho-y-erik-jampa\/\">Reencantarnos con el mundo m\u00e1s que humano. Con Damcho y Erik Jampa<\/a><\/h2><p class=\"fusion-single-line-meta\"><span class=\"vcard\" style=\"display: none;\"><span class=\"fn\"><a href=\"https:\/\/dharmadatta.org\/facebuda\/author\/facebuda\/\" title=\"Entradas de facebuda\" rel=\"author\">facebuda<\/a><\/span><\/span><span class=\"updated\" style=\"display:none;\">2026-04-26T16:19:18+00:00<\/span>Categor\u00edas: <a href=\"https:\/\/dharmadatta.org\/facebuda\/category\/2026\/\" rel=\"category tag\">2026<\/a>, <a href=\"https:\/\/dharmadatta.org\/facebuda\/category\/damcho\/\" rel=\"category tag\">Damcho<\/a>, <a href=\"https:\/\/dharmadatta.org\/facebuda\/category\/erik-jampa\/\" rel=\"category tag\">Erik Jampa<\/a>, <a href=\"https:\/\/dharmadatta.org\/facebuda\/category\/facebuda\/\" rel=\"category tag\">faceBuda<\/a><span class=\"fusion-inline-sep\">|<\/span><span class=\"meta-tags\">Etiquetas: <a href=\"https:\/\/dharmadatta.org\/facebuda\/tag\/budismo\/\" rel=\"tag\">budismo<\/a>, <a href=\"https:\/\/dharmadatta.org\/facebuda\/tag\/conciencia-ecologica\/\" rel=\"tag\">Conciencia Ecol\u00f3gica<\/a>, <a href=\"https:\/\/dharmadatta.org\/facebuda\/tag\/interconexion\/\" rel=\"tag\">interconexi\u00f3n<\/a>, <a href=\"https:\/\/dharmadatta.org\/facebuda\/tag\/naturaleza\/\" rel=\"tag\">naturaleza<\/a><\/span><span class=\"fusion-inline-sep\">|<\/span><\/p><div class=\"fusion-content-sep sep-double sep-solid\" style=\"border-color:#ebeaea;\"><\/div><div class=\"fusion-post-content-container\"><p>       Reencantarnos con el mundo m\u00e1s que humano | Damcho y Erik Jampa por Damcho  Damcho y Erik Jampa conversan sobre c\u00f3mo poder<\/p><\/div><\/div><div class=\"fusion-meta-info\"><div class=\"fusion-alignleft\"><a class=\"fusion-read-more\" href=\"https:\/\/dharmadatta.org\/facebuda\/reencantarnos-con-el-mundo-mas-que-humano-con-damcho-y-erik-jampa\/\">Leer M\u00e1s<\/a><\/div><\/div><\/div><div class=\"fusion-clearfix\"><\/div><\/div>\n<\/article>\n<article id=\"blog-1-post-25745\" class=\"fusion-post-grid post-25745 post type-post status-publish format-standard has-post-thumbnail hentry category-588 category-damcho category-facebuda tag-compasion tag-interconexion tag-sabiduria-budista tag-todo-esta-conectado\">\n<div class=\"fusion-post-wrapper\" style=\"background-color:rgba(255,255,255,1);border:1px solid #eae9e9;border-bottom-width:3px;\">\n\n\t\t\t<div class=\"fusion-flexslider flexslider fusion-flexslider-loading fusion-post-slideshow\" style=\"border-color:#eae9e9;\">\n\t\t<ul class=\"slides\">\n\t\t\t\n\t\t\t\t\t\t\t\t\t\t\t\t\t\t<li>\n\n<div  class=\"fusion-image-wrapper\" aria-haspopup=\"true\">\n\t\n\t\n\t\t\n\t\t\t\t\t<img loading=\"lazy\" decoding=\"async\" width=\"1325\" height=\"742\" src=\"https:\/\/dharmadatta.org\/facebuda\/wp-content\/uploads\/2026\/04\/Captura-de-pantalla-2026-04-19-125735.png\" class=\"attachment-full size-full wp-post-image\" alt=\"\" srcset=\"https:\/\/dharmadatta.org\/facebuda\/wp-content\/uploads\/2026\/04\/Captura-de-pantalla-2026-04-19-125735-200x112.png 200w, https:\/\/dharmadatta.org\/facebuda\/wp-content\/uploads\/2026\/04\/Captura-de-pantalla-2026-04-19-125735-400x224.png 400w, https:\/\/dharmadatta.org\/facebuda\/wp-content\/uploads\/2026\/04\/Captura-de-pantalla-2026-04-19-125735-600x336.png 600w, https:\/\/dharmadatta.org\/facebuda\/wp-content\/uploads\/2026\/04\/Captura-de-pantalla-2026-04-19-125735-800x448.png 800w, https:\/\/dharmadatta.org\/facebuda\/wp-content\/uploads\/2026\/04\/Captura-de-pantalla-2026-04-19-125735-1200x672.png 1200w, https:\/\/dharmadatta.org\/facebuda\/wp-content\/uploads\/2026\/04\/Captura-de-pantalla-2026-04-19-125735.png 1325w\" sizes=\"auto, (min-width: 2200px) 100vw, (min-width: 1012px) 680px, (min-width: 920px) 1012px, \" \/>\n\t\n\n\t\t<div class=\"fusion-rollover\">\n\t<div class=\"fusion-rollover-content\">\n\n\t\t\t\t\t\t\t\t\t\t\t\t\t\t<a class=\"fusion-rollover-link\" href=\"https:\/\/dharmadatta.org\/facebuda\/todo-esta-conectado-que-significa-realmente-con-damcho\/\">Todo est\u00e1 conectado: \u00bfQu\u00e9 significa realmente?. Con Damcho<\/a>\n\t\t\t\n\t\t\t\t\t\t\t\t\t\t\t\t\t\t\n\t\t\t\t\t\t\t\t\n\t\t\t\t\t\t\t\t\t\t\t\t\t<div class=\"fusion-rollover-sep\"><\/div>\n\t\t\t\t\n\t\t\t\t\t\t\t\t\t\t\t\t\t\t\t\t\t\t<a class=\"fusion-rollover-gallery\" href=\"https:\/\/dharmadatta.org\/facebuda\/wp-content\/uploads\/2026\/04\/Captura-de-pantalla-2026-04-19-125735.png\" data-id=\"25745\" data-rel=\"iLightbox[gallery]\" data-title=\"Captura de pantalla 2026-04-19 125735\" data-caption=\"\">\n\t\t\t\t\t\tGaler\u00eda\t\t\t\t\t<\/a>\n\t\t\t\t\t\t\t\t\t\t\t\t\t\t\n\t\t\t\t\n\t\t\t\t\t\t\t\t\n\t\t\t\t\t\t\t\t\n\t\t\n\t\t\t\t<a class=\"fusion-link-wrapper\" href=\"https:\/\/dharmadatta.org\/facebuda\/todo-esta-conectado-que-significa-realmente-con-damcho\/\" aria-label=\"Todo est\u00e1 conectado: \u00bfQu\u00e9 significa realmente?. Con Damcho\"><\/a>\n\t<\/div>\n<\/div>\n\n\t\n<\/div>\n<\/li>\n\t\t\t\n\t\t\t\n\t\t\t\t\t\t\t\t\t\t\t\t\t\t\t\t\t\t\t\t\t\t\t\t\t\t\t\t\t\t\t\t\t\t\t\t\t\t\t\t\t\t\t\t\t\t\t\t\t\t\t\t\t\t\t\t\t\t\t\t\t\t\t\t\t\t\t\t<\/ul>\n\t<\/div>\n\t<div class=\"fusion-post-content-wrapper\" style=\"padding:30px 25px 20px 25px;\"><div class=\"fusion-post-content post-content\"><h2 class=\"blog-shortcode-post-title entry-title\"><a href=\"https:\/\/dharmadatta.org\/facebuda\/todo-esta-conectado-que-significa-realmente-con-damcho\/\">Todo est\u00e1 conectado: \u00bfQu\u00e9 significa realmente?. Con Damcho<\/a><\/h2><p class=\"fusion-single-line-meta\"><span class=\"vcard\" style=\"display: none;\"><span class=\"fn\"><a href=\"https:\/\/dharmadatta.org\/facebuda\/author\/facebuda\/\" title=\"Entradas de facebuda\" rel=\"author\">facebuda<\/a><\/span><\/span><span class=\"updated\" style=\"display:none;\">2026-04-19T16:16:31+00:00<\/span>Categor\u00edas: <a href=\"https:\/\/dharmadatta.org\/facebuda\/category\/2026\/\" rel=\"category tag\">2026<\/a>, <a href=\"https:\/\/dharmadatta.org\/facebuda\/category\/damcho\/\" rel=\"category tag\">Damcho<\/a>, <a href=\"https:\/\/dharmadatta.org\/facebuda\/category\/facebuda\/\" rel=\"category tag\">faceBuda<\/a><span class=\"fusion-inline-sep\">|<\/span><span class=\"meta-tags\">Etiquetas: <a href=\"https:\/\/dharmadatta.org\/facebuda\/tag\/compasion\/\" rel=\"tag\">compasion<\/a>, <a href=\"https:\/\/dharmadatta.org\/facebuda\/tag\/interconexion\/\" rel=\"tag\">interconexi\u00f3n<\/a>, <a href=\"https:\/\/dharmadatta.org\/facebuda\/tag\/sabiduria-budista\/\" rel=\"tag\">Sabidur\u00eda budista<\/a>, <a href=\"https:\/\/dharmadatta.org\/facebuda\/tag\/todo-esta-conectado\/\" rel=\"tag\">Todo Est\u00e1 Conectado<\/a><\/span><span class=\"fusion-inline-sep\">|<\/span><\/p><div class=\"fusion-content-sep sep-double sep-solid\" style=\"border-color:#ebeaea;\"><\/div><div class=\"fusion-post-content-container\"><p>       Todo est\u00e1 conectado: \u00bfQu\u00e9 significa realmente? por Damcho  En esta ense\u00f1anza, Damcho nos invita a reflexionar sobre el verdadero significado de que<\/p><\/div><\/div><div class=\"fusion-meta-info\"><div class=\"fusion-alignleft\"><a class=\"fusion-read-more\" href=\"https:\/\/dharmadatta.org\/facebuda\/todo-esta-conectado-que-significa-realmente-con-damcho\/\">Leer M\u00e1s<\/a><\/div><\/div><\/div><div class=\"fusion-clearfix\"><\/div><\/div>\n<\/article>\n<article id=\"blog-1-post-25741\" class=\"fusion-post-grid post-25741 post type-post status-publish format-standard has-post-thumbnail hentry category-588 category-facebuda category-karya tag-budismo-en-accion tag-no-violencia tag-renuncia-consciente tag-sabiduria-interior\">\n<div class=\"fusion-post-wrapper\" style=\"background-color:rgba(255,255,255,1);border:1px solid #eae9e9;border-bottom-width:3px;\">\n\n\t\t\t<div class=\"fusion-flexslider flexslider fusion-flexslider-loading fusion-post-slideshow\" style=\"border-color:#eae9e9;\">\n\t\t<ul class=\"slides\">\n\t\t\t\n\t\t\t\t\t\t\t\t\t\t\t\t\t\t<li>\n\n<div  class=\"fusion-image-wrapper\" aria-haspopup=\"true\">\n\t\n\t\n\t\t\n\t\t\t\t\t<img loading=\"lazy\" decoding=\"async\" width=\"1329\" height=\"743\" src=\"https:\/\/dharmadatta.org\/facebuda\/wp-content\/uploads\/2026\/04\/Captura-de-pantalla-2026-04-12-125532.png\" class=\"attachment-full size-full wp-post-image\" alt=\"\" srcset=\"https:\/\/dharmadatta.org\/facebuda\/wp-content\/uploads\/2026\/04\/Captura-de-pantalla-2026-04-12-125532-200x112.png 200w, https:\/\/dharmadatta.org\/facebuda\/wp-content\/uploads\/2026\/04\/Captura-de-pantalla-2026-04-12-125532-400x224.png 400w, https:\/\/dharmadatta.org\/facebuda\/wp-content\/uploads\/2026\/04\/Captura-de-pantalla-2026-04-12-125532-600x335.png 600w, https:\/\/dharmadatta.org\/facebuda\/wp-content\/uploads\/2026\/04\/Captura-de-pantalla-2026-04-12-125532-800x447.png 800w, https:\/\/dharmadatta.org\/facebuda\/wp-content\/uploads\/2026\/04\/Captura-de-pantalla-2026-04-12-125532-1200x671.png 1200w, https:\/\/dharmadatta.org\/facebuda\/wp-content\/uploads\/2026\/04\/Captura-de-pantalla-2026-04-12-125532.png 1329w\" sizes=\"auto, (min-width: 2200px) 100vw, (min-width: 1012px) 680px, (min-width: 920px) 1012px, \" \/>\n\t\n\n\t\t<div class=\"fusion-rollover\">\n\t<div class=\"fusion-rollover-content\">\n\n\t\t\t\t\t\t\t\t\t\t\t\t\t\t<a class=\"fusion-rollover-link\" href=\"https:\/\/dharmadatta.org\/facebuda\/la-renuncia-un-acto-de-no-violencia-con-karya\/\">La renuncia, un acto de No violencia. Con Karya<\/a>\n\t\t\t\n\t\t\t\t\t\t\t\t\t\t\t\t\t\t\n\t\t\t\t\t\t\t\t\n\t\t\t\t\t\t\t\t\t\t\t\t\t<div class=\"fusion-rollover-sep\"><\/div>\n\t\t\t\t\n\t\t\t\t\t\t\t\t\t\t\t\t\t\t\t\t\t\t<a class=\"fusion-rollover-gallery\" href=\"https:\/\/dharmadatta.org\/facebuda\/wp-content\/uploads\/2026\/04\/Captura-de-pantalla-2026-04-12-125532.png\" data-id=\"25741\" data-rel=\"iLightbox[gallery]\" data-title=\"Captura de pantalla 2026-04-12 125532\" data-caption=\"\">\n\t\t\t\t\t\tGaler\u00eda\t\t\t\t\t<\/a>\n\t\t\t\t\t\t\t\t\t\t\t\t\t\t\n\t\t\t\t\n\t\t\t\t\t\t\t\t\n\t\t\t\t\t\t\t\t\n\t\t\n\t\t\t\t<a class=\"fusion-link-wrapper\" href=\"https:\/\/dharmadatta.org\/facebuda\/la-renuncia-un-acto-de-no-violencia-con-karya\/\" aria-label=\"La renuncia, un acto de No violencia. Con Karya\"><\/a>\n\t<\/div>\n<\/div>\n\n\t\n<\/div>\n<\/li>\n\t\t\t\n\t\t\t\n\t\t\t\t\t\t\t\t\t\t\t\t\t\t\t\t\t\t\t\t\t\t\t\t\t\t\t\t\t\t\t\t\t\t\t\t\t\t\t\t\t\t\t\t\t\t\t\t\t\t\t\t\t\t\t\t\t\t\t\t\t\t\t\t\t\t\t\t<\/ul>\n\t<\/div>\n\t<div class=\"fusion-post-content-wrapper\" style=\"padding:30px 25px 20px 25px;\"><div class=\"fusion-post-content post-content\"><h2 class=\"blog-shortcode-post-title entry-title\"><a href=\"https:\/\/dharmadatta.org\/facebuda\/la-renuncia-un-acto-de-no-violencia-con-karya\/\">La renuncia, un acto de No violencia. Con Karya<\/a><\/h2><p class=\"fusion-single-line-meta\"><span class=\"vcard\" style=\"display: none;\"><span class=\"fn\"><a href=\"https:\/\/dharmadatta.org\/facebuda\/author\/facebuda\/\" title=\"Entradas de facebuda\" rel=\"author\">facebuda<\/a><\/span><\/span><span class=\"updated\" style=\"display:none;\">2026-04-12T16:12:10+00:00<\/span>Categor\u00edas: <a href=\"https:\/\/dharmadatta.org\/facebuda\/category\/2026\/\" rel=\"category tag\">2026<\/a>, <a href=\"https:\/\/dharmadatta.org\/facebuda\/category\/facebuda\/\" rel=\"category tag\">faceBuda<\/a>, <a href=\"https:\/\/dharmadatta.org\/facebuda\/category\/karya\/\" rel=\"category tag\">Karya<\/a><span class=\"fusion-inline-sep\">|<\/span><span class=\"meta-tags\">Etiquetas: <a href=\"https:\/\/dharmadatta.org\/facebuda\/tag\/budismo-en-accion\/\" rel=\"tag\">Budismo En Acci\u00f3n<\/a>, <a href=\"https:\/\/dharmadatta.org\/facebuda\/tag\/no-violencia\/\" rel=\"tag\">No Violencia<\/a>, <a href=\"https:\/\/dharmadatta.org\/facebuda\/tag\/renuncia-consciente\/\" rel=\"tag\">Renuncia Consciente<\/a>, <a href=\"https:\/\/dharmadatta.org\/facebuda\/tag\/sabiduria-interior\/\" rel=\"tag\">Sabidur\u00eda interior<\/a><\/span><span class=\"fusion-inline-sep\">|<\/span><\/p><div class=\"fusion-content-sep sep-double sep-solid\" style=\"border-color:#ebeaea;\"><\/div><div class=\"fusion-post-content-container\"><p>       La renuncia, un acto de No violencia por Karya  En esta ense\u00f1anza, la monja Karya nos invita a comprender la renuncia como<\/p><\/div><\/div><div class=\"fusion-meta-info\"><div class=\"fusion-alignleft\"><a class=\"fusion-read-more\" href=\"https:\/\/dharmadatta.org\/facebuda\/la-renuncia-un-acto-de-no-violencia-con-karya\/\">Leer M\u00e1s<\/a><\/div><\/div><\/div><div class=\"fusion-clearfix\"><\/div><\/div>\n<\/article>\n<article id=\"blog-1-post-25736\" class=\"fusion-post-grid post-25736 post type-post status-publish format-standard has-post-thumbnail hentry category-588 category-damcho category-facebuda tag-compasion tag-ecosangha tag-interconexion tag-interdependencia\">\n<div class=\"fusion-post-wrapper\" style=\"background-color:rgba(255,255,255,1);border:1px solid #eae9e9;border-bottom-width:3px;\">\n\n\t\t\t<div class=\"fusion-flexslider flexslider fusion-flexslider-loading fusion-post-slideshow\" style=\"border-color:#eae9e9;\">\n\t\t<ul class=\"slides\">\n\t\t\t\n\t\t\t\t\t\t\t\t\t\t\t\t\t\t<li>\n\n<div  class=\"fusion-image-wrapper\" aria-haspopup=\"true\">\n\t\n\t\n\t\t\n\t\t\t\t\t<img loading=\"lazy\" decoding=\"async\" width=\"1159\" height=\"650\" src=\"https:\/\/dharmadatta.org\/facebuda\/wp-content\/uploads\/2026\/04\/imagen-5-4-26.jpg\" class=\"attachment-full size-full wp-post-image\" alt=\"\" srcset=\"https:\/\/dharmadatta.org\/facebuda\/wp-content\/uploads\/2026\/04\/imagen-5-4-26-200x112.jpg 200w, https:\/\/dharmadatta.org\/facebuda\/wp-content\/uploads\/2026\/04\/imagen-5-4-26-400x224.jpg 400w, https:\/\/dharmadatta.org\/facebuda\/wp-content\/uploads\/2026\/04\/imagen-5-4-26-600x336.jpg 600w, https:\/\/dharmadatta.org\/facebuda\/wp-content\/uploads\/2026\/04\/imagen-5-4-26-800x449.jpg 800w, https:\/\/dharmadatta.org\/facebuda\/wp-content\/uploads\/2026\/04\/imagen-5-4-26.jpg 1159w\" sizes=\"auto, (min-width: 2200px) 100vw, (min-width: 1012px) 680px, (min-width: 920px) 1012px, \" \/>\n\t\n\n\t\t<div class=\"fusion-rollover\">\n\t<div class=\"fusion-rollover-content\">\n\n\t\t\t\t\t\t\t\t\t\t\t\t\t\t<a class=\"fusion-rollover-link\" href=\"https:\/\/dharmadatta.org\/facebuda\/como-se-siente-la-interconexion-por-damcho\/\">Co\u0301mo se siente la interconexi\u00f3n. Por Damcho<\/a>\n\t\t\t\n\t\t\t\t\t\t\t\t\t\t\t\t\t\t\n\t\t\t\t\t\t\t\t\n\t\t\t\t\t\t\t\t\t\t\t\t\t<div class=\"fusion-rollover-sep\"><\/div>\n\t\t\t\t\n\t\t\t\t\t\t\t\t\t\t\t\t\t\t\t\t\t\t<a class=\"fusion-rollover-gallery\" href=\"https:\/\/dharmadatta.org\/facebuda\/wp-content\/uploads\/2026\/04\/imagen-5-4-26.jpg\" data-id=\"25736\" data-rel=\"iLightbox[gallery]\" data-title=\"imagen 5-4-26\" data-caption=\"\">\n\t\t\t\t\t\tGaler\u00eda\t\t\t\t\t<\/a>\n\t\t\t\t\t\t\t\t\t\t\t\t\t\t\n\t\t\t\t\n\t\t\t\t\t\t\t\t\n\t\t\t\t\t\t\t\t\n\t\t\n\t\t\t\t<a class=\"fusion-link-wrapper\" href=\"https:\/\/dharmadatta.org\/facebuda\/como-se-siente-la-interconexion-por-damcho\/\" aria-label=\"Co\u0301mo se siente la interconexi\u00f3n. Por Damcho\"><\/a>\n\t<\/div>\n<\/div>\n\n\t\n<\/div>\n<\/li>\n\t\t\t\n\t\t\t\n\t\t\t\t\t\t\t\t\t\t\t\t\t\t\t\t\t\t\t\t\t\t\t\t\t\t\t\t\t\t\t\t\t\t\t\t\t\t\t\t\t\t\t\t\t\t\t\t\t\t\t\t\t\t\t\t\t\t\t\t\t\t\t\t\t\t\t\t<\/ul>\n\t<\/div>\n\t<div class=\"fusion-post-content-wrapper\" style=\"padding:30px 25px 20px 25px;\"><div class=\"fusion-post-content post-content\"><h2 class=\"blog-shortcode-post-title entry-title\"><a href=\"https:\/\/dharmadatta.org\/facebuda\/como-se-siente-la-interconexion-por-damcho\/\">Co\u0301mo se siente la interconexi\u00f3n. Por Damcho<\/a><\/h2><p class=\"fusion-single-line-meta\"><span class=\"vcard\" style=\"display: none;\"><span class=\"fn\"><a href=\"https:\/\/dharmadatta.org\/facebuda\/author\/facebuda\/\" title=\"Entradas de facebuda\" rel=\"author\">facebuda<\/a><\/span><\/span><span class=\"updated\" style=\"display:none;\">2026-04-05T15:13:54+00:00<\/span>Categor\u00edas: <a href=\"https:\/\/dharmadatta.org\/facebuda\/category\/2026\/\" rel=\"category tag\">2026<\/a>, <a href=\"https:\/\/dharmadatta.org\/facebuda\/category\/damcho\/\" rel=\"category tag\">Damcho<\/a>, <a href=\"https:\/\/dharmadatta.org\/facebuda\/category\/facebuda\/\" rel=\"category tag\">faceBuda<\/a><span class=\"fusion-inline-sep\">|<\/span><span class=\"meta-tags\">Etiquetas: <a href=\"https:\/\/dharmadatta.org\/facebuda\/tag\/compasion\/\" rel=\"tag\">compasion<\/a>, <a href=\"https:\/\/dharmadatta.org\/facebuda\/tag\/ecosangha\/\" rel=\"tag\">ecosangha<\/a>, <a href=\"https:\/\/dharmadatta.org\/facebuda\/tag\/interconexion\/\" rel=\"tag\">interconexi\u00f3n<\/a>, <a href=\"https:\/\/dharmadatta.org\/facebuda\/tag\/interdependencia\/\" rel=\"tag\">interdependencia<\/a><\/span><span class=\"fusion-inline-sep\">|<\/span><\/p><div class=\"fusion-content-sep sep-double sep-solid\" style=\"border-color:#ebeaea;\"><\/div><div class=\"fusion-post-content-container\"><p>       C\u00f3mo se siente la interconexi\u00f3n por Damcho  \u00bfC\u00f3mo se siente realmente la interconexi\u00f3n? En esta ense\u00f1anza, Damcho nos invita a descubrir que<\/p><\/div><\/div><div class=\"fusion-meta-info\"><div class=\"fusion-alignleft\"><a class=\"fusion-read-more\" href=\"https:\/\/dharmadatta.org\/facebuda\/como-se-siente-la-interconexion-por-damcho\/\">Leer M\u00e1s<\/a><\/div><\/div><\/div><div class=\"fusion-clearfix\"><\/div><\/div>\n<\/article>\n<article id=\"blog-1-post-25731\" class=\"fusion-post-grid post-25731 post type-post status-publish format-standard has-post-thumbnail hentry category-588 category-damcho category-facebuda category-kristin-barker tag-animismo tag-budismo tag-conciencia-colectiva tag-interconexion\">\n<div class=\"fusion-post-wrapper\" style=\"background-color:rgba(255,255,255,1);border:1px solid #eae9e9;border-bottom-width:3px;\">\n\n\t\t\t<div class=\"fusion-flexslider flexslider fusion-flexslider-loading fusion-post-slideshow\" style=\"border-color:#eae9e9;\">\n\t\t<ul class=\"slides\">\n\t\t\t\n\t\t\t\t\t\t\t\t\t\t\t\t\t\t<li>\n\n<div  class=\"fusion-image-wrapper\" aria-haspopup=\"true\">\n\t\n\t\n\t\t\n\t\t\t\t\t<img loading=\"lazy\" decoding=\"async\" width=\"1327\" height=\"740\" src=\"https:\/\/dharmadatta.org\/facebuda\/wp-content\/uploads\/2026\/03\/Captura-de-pantalla-2026-03-29-131042.png\" class=\"attachment-full size-full wp-post-image\" alt=\"\" srcset=\"https:\/\/dharmadatta.org\/facebuda\/wp-content\/uploads\/2026\/03\/Captura-de-pantalla-2026-03-29-131042-200x112.png 200w, https:\/\/dharmadatta.org\/facebuda\/wp-content\/uploads\/2026\/03\/Captura-de-pantalla-2026-03-29-131042-400x223.png 400w, https:\/\/dharmadatta.org\/facebuda\/wp-content\/uploads\/2026\/03\/Captura-de-pantalla-2026-03-29-131042-600x335.png 600w, https:\/\/dharmadatta.org\/facebuda\/wp-content\/uploads\/2026\/03\/Captura-de-pantalla-2026-03-29-131042-800x446.png 800w, https:\/\/dharmadatta.org\/facebuda\/wp-content\/uploads\/2026\/03\/Captura-de-pantalla-2026-03-29-131042-1200x669.png 1200w, https:\/\/dharmadatta.org\/facebuda\/wp-content\/uploads\/2026\/03\/Captura-de-pantalla-2026-03-29-131042.png 1327w\" sizes=\"auto, (min-width: 2200px) 100vw, (min-width: 1012px) 680px, (min-width: 920px) 1012px, \" \/>\n\t\n\n\t\t<div class=\"fusion-rollover\">\n\t<div class=\"fusion-rollover-content\">\n\n\t\t\t\t\t\t\t\t\t\t\t\t\t\t<a class=\"fusion-rollover-link\" href=\"https:\/\/dharmadatta.org\/facebuda\/vivir-en-comunion-con-todos-los-seres-con-damcho-y-kristin-barker\/\">Vivir en comuni\u00f3n con todos los seres. Con Damcho y Kristin Barker<\/a>\n\t\t\t\n\t\t\t\t\t\t\t\t\t\t\t\t\t\t\n\t\t\t\t\t\t\t\t\n\t\t\t\t\t\t\t\t\t\t\t\t\t<div class=\"fusion-rollover-sep\"><\/div>\n\t\t\t\t\n\t\t\t\t\t\t\t\t\t\t\t\t\t\t\t\t\t\t<a class=\"fusion-rollover-gallery\" href=\"https:\/\/dharmadatta.org\/facebuda\/wp-content\/uploads\/2026\/03\/Captura-de-pantalla-2026-03-29-131042.png\" data-id=\"25731\" data-rel=\"iLightbox[gallery]\" data-title=\"Captura de pantalla 2026-03-29 131042\" data-caption=\"\">\n\t\t\t\t\t\tGaler\u00eda\t\t\t\t\t<\/a>\n\t\t\t\t\t\t\t\t\t\t\t\t\t\t\n\t\t\t\t\n\t\t\t\t\t\t\t\t\n\t\t\t\t\t\t\t\t\n\t\t\n\t\t\t\t<a class=\"fusion-link-wrapper\" href=\"https:\/\/dharmadatta.org\/facebuda\/vivir-en-comunion-con-todos-los-seres-con-damcho-y-kristin-barker\/\" aria-label=\"Vivir en comuni\u00f3n con todos los seres. Con Damcho y Kristin Barker\"><\/a>\n\t<\/div>\n<\/div>\n\n\t\n<\/div>\n<\/li>\n\t\t\t\n\t\t\t\n\t\t\t\t\t\t\t\t\t\t\t\t\t\t\t\t\t\t\t\t\t\t\t\t\t\t\t\t\t\t\t\t\t\t\t\t\t\t\t\t\t\t\t\t\t\t\t\t\t\t\t\t\t\t\t\t\t\t\t\t\t\t\t\t\t\t\t\t<\/ul>\n\t<\/div>\n\t<div class=\"fusion-post-content-wrapper\" style=\"padding:30px 25px 20px 25px;\"><div class=\"fusion-post-content post-content\"><h2 class=\"blog-shortcode-post-title entry-title\"><a href=\"https:\/\/dharmadatta.org\/facebuda\/vivir-en-comunion-con-todos-los-seres-con-damcho-y-kristin-barker\/\">Vivir en comuni\u00f3n con todos los seres. Con Damcho y Kristin Barker<\/a><\/h2><p class=\"fusion-single-line-meta\"><span class=\"vcard\" style=\"display: none;\"><span class=\"fn\"><a href=\"https:\/\/dharmadatta.org\/facebuda\/author\/facebuda\/\" title=\"Entradas de facebuda\" rel=\"author\">facebuda<\/a><\/span><\/span><span class=\"updated\" style=\"display:none;\">2026-03-29T16:18:56+00:00<\/span>Categor\u00edas: <a href=\"https:\/\/dharmadatta.org\/facebuda\/category\/2026\/\" rel=\"category tag\">2026<\/a>, <a href=\"https:\/\/dharmadatta.org\/facebuda\/category\/damcho\/\" rel=\"category tag\">Damcho<\/a>, <a href=\"https:\/\/dharmadatta.org\/facebuda\/category\/facebuda\/\" rel=\"category tag\">faceBuda<\/a>, <a href=\"https:\/\/dharmadatta.org\/facebuda\/category\/kristin-barker\/\" rel=\"category tag\">Kristin Barker<\/a><span class=\"fusion-inline-sep\">|<\/span><span class=\"meta-tags\">Etiquetas: <a href=\"https:\/\/dharmadatta.org\/facebuda\/tag\/animismo\/\" rel=\"tag\">Animismo<\/a>, <a href=\"https:\/\/dharmadatta.org\/facebuda\/tag\/budismo\/\" rel=\"tag\">budismo<\/a>, <a href=\"https:\/\/dharmadatta.org\/facebuda\/tag\/conciencia-colectiva\/\" rel=\"tag\">Conciencia Colectiva<\/a>, <a href=\"https:\/\/dharmadatta.org\/facebuda\/tag\/interconexion\/\" rel=\"tag\">interconexi\u00f3n<\/a><\/span><span class=\"fusion-inline-sep\">|<\/span><\/p><div class=\"fusion-content-sep sep-double sep-solid\" style=\"border-color:#ebeaea;\"><\/div><div class=\"fusion-post-content-container\"><p>       Vivir en comuni\u00f3n con todos los seres por Damcho y Kristin Barker  Damcho y Kristin conversan sobre c\u00f3mo recorrer en forma colectiva<\/p><\/div><\/div><div class=\"fusion-meta-info\"><div class=\"fusion-alignleft\"><a class=\"fusion-read-more\" href=\"https:\/\/dharmadatta.org\/facebuda\/vivir-en-comunion-con-todos-los-seres-con-damcho-y-kristin-barker\/\">Leer M\u00e1s<\/a><\/div><\/div><\/div><div class=\"fusion-clearfix\"><\/div><\/div>\n<\/article>\n<article id=\"blog-1-post-25726\" class=\"fusion-post-grid post-25726 post type-post status-publish format-standard has-post-thumbnail hentry category-588 category-damcho category-facebuda tag-crecimiento-espiritual tag-impermanencia tag-vivir-el-presente\">\n<div class=\"fusion-post-wrapper\" style=\"background-color:rgba(255,255,255,1);border:1px solid #eae9e9;border-bottom-width:3px;\">\n\n\t\t\t<div class=\"fusion-flexslider flexslider fusion-flexslider-loading fusion-post-slideshow\" style=\"border-color:#eae9e9;\">\n\t\t<ul class=\"slides\">\n\t\t\t\n\t\t\t\t\t\t\t\t\t\t\t\t\t\t<li>\n\n<div  class=\"fusion-image-wrapper\" aria-haspopup=\"true\">\n\t\n\t\n\t\t\n\t\t\t\t\t<img loading=\"lazy\" decoding=\"async\" width=\"1325\" height=\"739\" src=\"https:\/\/dharmadatta.org\/facebuda\/wp-content\/uploads\/2026\/03\/Captura-de-pantalla-2026-03-22-132009.png\" class=\"attachment-full size-full wp-post-image\" alt=\"\" srcset=\"https:\/\/dharmadatta.org\/facebuda\/wp-content\/uploads\/2026\/03\/Captura-de-pantalla-2026-03-22-132009-200x112.png 200w, https:\/\/dharmadatta.org\/facebuda\/wp-content\/uploads\/2026\/03\/Captura-de-pantalla-2026-03-22-132009-400x223.png 400w, https:\/\/dharmadatta.org\/facebuda\/wp-content\/uploads\/2026\/03\/Captura-de-pantalla-2026-03-22-132009-600x335.png 600w, https:\/\/dharmadatta.org\/facebuda\/wp-content\/uploads\/2026\/03\/Captura-de-pantalla-2026-03-22-132009-800x446.png 800w, https:\/\/dharmadatta.org\/facebuda\/wp-content\/uploads\/2026\/03\/Captura-de-pantalla-2026-03-22-132009-1200x669.png 1200w, https:\/\/dharmadatta.org\/facebuda\/wp-content\/uploads\/2026\/03\/Captura-de-pantalla-2026-03-22-132009.png 1325w\" sizes=\"auto, (min-width: 2200px) 100vw, (min-width: 1012px) 680px, (min-width: 920px) 1012px, \" \/>\n\t\n\n\t\t<div class=\"fusion-rollover\">\n\t<div class=\"fusion-rollover-content\">\n\n\t\t\t\t\t\t\t\t\t\t\t\t\t\t<a class=\"fusion-rollover-link\" href=\"https:\/\/dharmadatta.org\/facebuda\/reconectar-con-el-tiempo-una-mirada-budista-sobre-la-estacionalidad-de-la-vida-con-damcho\/\">Reconectar con el tiempo: Una mirada budista sobre la estacionalidad de la vida. Con Damcho<\/a>\n\t\t\t\n\t\t\t\t\t\t\t\t\t\t\t\t\t\t\n\t\t\t\t\t\t\t\t\n\t\t\t\t\t\t\t\t\t\t\t\t\t<div class=\"fusion-rollover-sep\"><\/div>\n\t\t\t\t\n\t\t\t\t\t\t\t\t\t\t\t\t\t\t\t\t\t\t<a class=\"fusion-rollover-gallery\" href=\"https:\/\/dharmadatta.org\/facebuda\/wp-content\/uploads\/2026\/03\/Captura-de-pantalla-2026-03-22-132009.png\" data-id=\"25726\" data-rel=\"iLightbox[gallery]\" data-title=\"Captura de pantalla 2026-03-22 132009\" data-caption=\"\">\n\t\t\t\t\t\tGaler\u00eda\t\t\t\t\t<\/a>\n\t\t\t\t\t\t\t\t\t\t\t\t\t\t\n\t\t\t\t\n\t\t\t\t\t\t\t\t\n\t\t\t\t\t\t\t\t\n\t\t\n\t\t\t\t<a class=\"fusion-link-wrapper\" href=\"https:\/\/dharmadatta.org\/facebuda\/reconectar-con-el-tiempo-una-mirada-budista-sobre-la-estacionalidad-de-la-vida-con-damcho\/\" aria-label=\"Reconectar con el tiempo: Una mirada budista sobre la estacionalidad de la vida. Con Damcho\"><\/a>\n\t<\/div>\n<\/div>\n\n\t\n<\/div>\n<\/li>\n\t\t\t\n\t\t\t\n\t\t\t\t\t\t\t\t\t\t\t\t\t\t\t\t\t\t\t\t\t\t\t\t\t\t\t\t\t\t\t\t\t\t\t\t\t\t\t\t\t\t\t\t\t\t\t\t\t\t\t\t\t\t\t\t\t\t\t\t\t\t\t\t\t\t\t\t<\/ul>\n\t<\/div>\n\t<div class=\"fusion-post-content-wrapper\" style=\"padding:30px 25px 20px 25px;\"><div class=\"fusion-post-content post-content\"><h2 class=\"blog-shortcode-post-title entry-title\"><a href=\"https:\/\/dharmadatta.org\/facebuda\/reconectar-con-el-tiempo-una-mirada-budista-sobre-la-estacionalidad-de-la-vida-con-damcho\/\">Reconectar con el tiempo: Una mirada budista sobre la estacionalidad de la vida. Con Damcho<\/a><\/h2><p class=\"fusion-single-line-meta\"><span class=\"vcard\" style=\"display: none;\"><span class=\"fn\"><a href=\"https:\/\/dharmadatta.org\/facebuda\/author\/facebuda\/\" title=\"Entradas de facebuda\" rel=\"author\">facebuda<\/a><\/span><\/span><span class=\"updated\" style=\"display:none;\">2026-03-22T16:29:43+00:00<\/span>Categor\u00edas: <a href=\"https:\/\/dharmadatta.org\/facebuda\/category\/2026\/\" rel=\"category tag\">2026<\/a>, <a href=\"https:\/\/dharmadatta.org\/facebuda\/category\/damcho\/\" rel=\"category tag\">Damcho<\/a>, <a href=\"https:\/\/dharmadatta.org\/facebuda\/category\/facebuda\/\" rel=\"category tag\">faceBuda<\/a><span class=\"fusion-inline-sep\">|<\/span><span class=\"meta-tags\">Etiquetas: <a href=\"https:\/\/dharmadatta.org\/facebuda\/tag\/crecimiento-espiritual\/\" rel=\"tag\">Crecimiento Espiritual<\/a>, <a href=\"https:\/\/dharmadatta.org\/facebuda\/tag\/impermanencia\/\" rel=\"tag\">impermanencia<\/a>, <a href=\"https:\/\/dharmadatta.org\/facebuda\/tag\/vivir-el-presente\/\" rel=\"tag\">Vivir el Presente<\/a><\/span><span class=\"fusion-inline-sep\">|<\/span><\/p><div class=\"fusion-content-sep sep-double sep-solid\" style=\"border-color:#ebeaea;\"><\/div><div class=\"fusion-post-content-container\"><p>       Reconectar con el tiempo: Una mirada budista sobre la estacionalidad de la vida por Damcho  \u00bfSientes que el tiempo se te escapa?<\/p><\/div><\/div><div class=\"fusion-meta-info\"><div class=\"fusion-alignleft\"><a class=\"fusion-read-more\" href=\"https:\/\/dharmadatta.org\/facebuda\/reconectar-con-el-tiempo-una-mirada-budista-sobre-la-estacionalidad-de-la-vida-con-damcho\/\">Leer M\u00e1s<\/a><\/div><\/div><\/div><div class=\"fusion-clearfix\"><\/div><\/div>\n<\/article>\n<div class=\"fusion-clearfix\"><\/div><\/div><div class=\"pagination clearfix\"><span class=\"current\">1<\/span><a href=\"https:\/\/dharmadatta.org\/facebuda\/wp-json\/wp\/v2\/pages\/23456\/page\/2\/\" class=\"inactive\">2<\/a><a class=\"pagination-next\" href=\"https:\/\/dharmadatta.org\/facebuda\/wp-json\/wp\/v2\/pages\/23456\/page\/2\/\"><span class=\"page-text\">Siguiente<\/span><span class=\"page-next\"><\/span><\/a><\/div><div class=\"fusion-clearfix\"><\/div><\/div><div class=\"fusion-clearfix\"><\/div><\/div><\/div><\/div><\/div>\n","protected":false},"excerpt":{"rendered":"","protected":false},"author":1,"featured_media":0,"parent":0,"menu_order":0,"comment_status":"closed","ping_status":"closed","template":"","meta":{"footnotes":""},"class_list":["post-23456","page","type-page","status-publish","hentry"],"_links":{"self":[{"href":"https:\/\/dharmadatta.org\/facebuda\/wp-json\/wp\/v2\/pages\/23456","targetHints":{"allow":["GET"]}}],"collection":[{"href":"https:\/\/dharmadatta.org\/facebuda\/wp-json\/wp\/v2\/pages"}],"about":[{"href":"https:\/\/dharmadatta.org\/facebuda\/wp-json\/wp\/v2\/types\/page"}],"author":[{"embeddable":true,"href":"https:\/\/dharmadatta.org\/facebuda\/wp-json\/wp\/v2\/users\/1"}],"replies":[{"embeddable":true,"href":"https:\/\/dharmadatta.org\/facebuda\/wp-json\/wp\/v2\/comments?post=23456"}],"version-history":[{"count":1,"href":"https:\/\/dharmadatta.org\/facebuda\/wp-json\/wp\/v2\/pages\/23456\/revisions"}],"predecessor-version":[{"id":23833,"href":"https:\/\/dharmadatta.org\/facebuda\/wp-json\/wp\/v2\/pages\/23456\/revisions\/23833"}],"wp:attachment":[{"href":"https:\/\/dharmadatta.org\/facebuda\/wp-json\/wp\/v2\/media?parent=23456"}],"curies":[{"name":"wp","href":"https:\/\/api.w.org\/{rel}","templated":true}]}}